{"version":"1.0","provider_name":"CRI","provider_url":"https:\/\/cri1149.fr\/en\/","author_name":"Julien Tourneur-Marsille","author_url":"https:\/\/cri1149.fr\/en\/author\/julien_t\/","title":"AFEF 2023 : Association Fran\u00e7aise pour l\u2019\u00c9tude du Foie - CRI","type":"rich","width":600,"height":338,"html":"<blockquote class=\"wp-embedded-content\" data-secret=\"LSGcpdH3f2\"><a href=\"https:\/\/cri1149.fr\/en\/event\/afef-2023-association-francaise-pour-letude-du-foie\/\">AFEF 2023 : Association Fran\u00e7aise pour l\u2019\u00c9tude du Foie<\/a><\/blockquote><iframe sandbox=\"allow-scripts\" security=\"restricted\" src=\"https:\/\/cri1149.fr\/en\/event\/afef-2023-association-francaise-pour-letude-du-foie\/embed\/#?secret=LSGcpdH3f2\" width=\"600\" height=\"338\" title=\"&#8220;AFEF 2023 : Association Fran\u00e7aise pour l\u2019\u00c9tude du Foie&#8221; &#8212; CRI\" data-secret=\"LSGcpdH3f2\" frameborder=\"0\" marginwidth=\"0\" marginheight=\"0\" scrolling=\"no\" class=\"wp-embedded-content\"><\/iframe><script>\n\/*! This file is auto-generated *\/\n!function(d,l){\"use strict\";l.querySelector&&d.addEventListener&&\"undefined\"!=typeof URL&&(d.wp=d.wp||{},d.wp.receiveEmbedMessage||(d.wp.receiveEmbedMessage=function(e){var t=e.data;if((t||t.secret||t.message||t.value)&&!\/[^a-zA-Z0-9]\/.test(t.secret)){for(var s,r,n,a=l.querySelectorAll('iframe[data-secret=\"'+t.secret+'\"]'),o=l.querySelectorAll('blockquote[data-secret=\"'+t.secret+'\"]'),c=new RegExp(\"^https?:$\",\"i\"),i=0;i<o.length;i++)o[i].style.display=\"none\";for(i=0;i<a.length;i++)s=a[i],e.source===s.contentWindow&&(s.removeAttribute(\"style\"),\"height\"===t.message?(1e3<(r=parseInt(t.value,10))?r=1e3:~~r<200&&(r=200),s.height=r):\"link\"===t.message&&(r=new URL(s.getAttribute(\"src\")),n=new URL(t.value),c.test(n.protocol))&&n.host===r.host&&l.activeElement===s&&(d.top.location.href=t.value))}},d.addEventListener(\"message\",d.wp.receiveEmbedMessage,!1),l.addEventListener(\"DOMContentLoaded\",function(){for(var e,t,s=l.querySelectorAll(\"iframe.wp-embedded-content\"),r=0;r<s.length;r++)(t=(e=s[r]).getAttribute(\"data-secret\"))||(t=Math.random().toString(36).substring(2,12),e.src+=\"#?secret=\"+t,e.setAttribute(\"data-secret\",t)),e.contentWindow.postMessage({message:\"ready\",secret:t},\"*\")},!1)))}(window,document);\n\/\/# sourceURL=https:\/\/cri1149.fr\/wp-includes\/js\/wp-embed.min.js\n<\/script>\n","thumbnail_url":"https:\/\/cri1149.fr\/wp-content\/uploads\/2023\/06\/AFEF-2023-1024x440.png","thumbnail_width":1024,"thumbnail_height":440,"description":"Le congr\u00e8s de l\u2019AFEF (Association Fran\u00e7aise pour l\u2019\u00c9tude du Foie) se d\u00e9place cette ann\u00e9e \u00e0 Rennes. Les 93\u00e8mes\u00a0Journ\u00e9es Scientifiques se d\u00e9rouleront dans le Couvent des Jacobins, un magnifique Centre des Congr\u00e8s o\u00f9 d\u2019illustres personnages se rencontrent depuis pr\u00e8s de 700 ans. A notre tour donc\u00a0! Les journ\u00e9es d\u00e9buteront par les\u00a0Clubs et Groupes de R\u00e9flexion,\u00a0histoire de [&hellip;]"}